{"id":1494,"date":"2019-09-16T18:27:09","date_gmt":"2019-09-16T16:27:09","guid":{"rendered":"http:\/\/znakon.cz\/znakon-as\/?page_id=1494"},"modified":"2026-04-01T01:40:38","modified_gmt":"2026-03-31T23:40:38","slug":"referencni-stavby-spolecnosti-znakon-a-s","status":"publish","type":"page","link":"https:\/\/znakon.cz\/znakon-as\/referencni-stavby-spolecnosti-znakon-a-s\/","title":{"rendered":"Referen\u010dn\u00ed stavby spole\u010dnosti Znakon a.s."},"content":{"rendered":"<div id=\"pl-1494\"  class=\"panel-layout\" ><div id=\"pg-1494-0\"  class=\"panel-grid panel-has-style\" ><div class=\"siteorigin-panels-stretch panel-row-style panel-row-style-for-1494-0\" data-stretch-type=\"full-width-stretch\" ><div id=\"pgc-1494-0-0\"  class=\"panel-grid-cell\" ><div id=\"panel-1494-0-0-0\" class=\"so-panel widget widget_sow-image panel-first-child panel-last-child\" data-index=\"0\" ><div\n\t\t\t\n\t\t\tclass=\"so-widget-sow-image so-widget-sow-image-default-8b5b6f678277-1494\"\n\t\t\t\n\t\t>\n<div class=\"sow-image-container\">\n\t\t<img \n\tsrc=\"https:\/\/znakon.cz\/znakon-as\/wp-content\/uploads\/sites\/2\/2019\/10\/slide_1900x630.jpg\" width=\"1900\" height=\"630\" srcset=\"https:\/\/znakon.cz\/znakon-as\/wp-content\/uploads\/sites\/2\/2019\/10\/slide_1900x630.jpg 1900w, https:\/\/znakon.cz\/znakon-as\/wp-content\/uploads\/sites\/2\/2019\/10\/slide_1900x630-300x99.jpg 300w, https:\/\/znakon.cz\/znakon-as\/wp-content\/uploads\/sites\/2\/2019\/10\/slide_1900x630-768x255.jpg 768w, https:\/\/znakon.cz\/znakon-as\/wp-content\/uploads\/sites\/2\/2019\/10\/slide_1900x630-1024x340.jpg 1024w\" sizes=\"(max-width: 1900px) 100vw, 1900px\" alt=\"\" \t\tclass=\"so-widget-image\"\/>\n\t<\/div>\n\n<\/div><\/div><\/div><\/div><\/div><div id=\"pg-1494-1\"  class=\"panel-grid panel-no-style\" ><div id=\"pgc-1494-1-0\"  class=\"panel-grid-cell\" ><div id=\"panel-1494-1-0-0\" class=\"so-panel widget widget_sow-image panel-first-child panel-last-child\" data-index=\"1\" ><div\n\t\t\t\n\t\t\tclass=\"so-widget-sow-image so-widget-sow-image-default-ec555a4be1b6-1494\"\n\t\t\t\n\t\t>\n<div class=\"sow-image-container\">\n\t\t\t<a href=\"https:\/\/znakon.cz\/znakon-as\/referencni-stavby-2025\/\"\n\t\t\t\t\t>\n\t\t\t<img \n\tsrc=\"https:\/\/znakon.cz\/znakon-as\/wp-content\/uploads\/sites\/2\/2026\/04\/2025.jpg\" width=\"400\" height=\"200\" srcset=\"https:\/\/znakon.cz\/znakon-as\/wp-content\/uploads\/sites\/2\/2026\/04\/2025.jpg 400w, https:\/\/znakon.cz\/znakon-as\/wp-content\/uploads\/sites\/2\/2026\/04\/2025-300x150.jpg 300w\" sizes=\"(max-width: 400px) 100vw, 400px\" title=\"Referen\u010dn\u00ed stavby 2025\" alt=\"Referen\u010dn\u00ed stavby 2025\" \t\tclass=\"so-widget-image\"\/>\n\t\t\t<\/a><\/div>\n\n<\/div><\/div><\/div><div id=\"pgc-1494-1-1\"  class=\"panel-grid-cell\" ><div id=\"panel-1494-1-1-0\" class=\"so-panel widget widget_sow-image panel-first-child panel-last-child\" data-index=\"2\" ><div\n\t\t\t\n\t\t\tclass=\"so-widget-sow-image so-widget-sow-image-default-8b5b6f678277-1494\"\n\t\t\t\n\t\t>\n<div class=\"sow-image-container\">\n\t\t\t<a href=\"https:\/\/znakon.cz\/znakon-as\/referencni-stavby-2024\/\"\n\t\t\t\t\t>\n\t\t\t<img \n\tsrc=\"https:\/\/znakon.cz\/znakon-as\/wp-content\/uploads\/sites\/2\/2025\/06\/2025-1.jpg\" width=\"400\" height=\"200\" srcset=\"https:\/\/znakon.cz\/znakon-as\/wp-content\/uploads\/sites\/2\/2025\/06\/2025-1.jpg 400w, https:\/\/znakon.cz\/znakon-as\/wp-content\/uploads\/sites\/2\/2025\/06\/2025-1-300x150.jpg 300w\" sizes=\"(max-width: 400px) 100vw, 400px\" title=\"Referen\u010dn\u00ed stavby 2024\" alt=\"\" \t\tclass=\"so-widget-image\"\/>\n\t\t\t<\/a><\/div>\n\n<\/div><\/div><\/div><div id=\"pgc-1494-1-2\"  class=\"panel-grid-cell\" ><div id=\"panel-1494-1-2-0\" class=\"so-panel widget widget_sow-image panel-first-child panel-last-child\" data-index=\"3\" ><div\n\t\t\t\n\t\t\tclass=\"so-widget-sow-image so-widget-sow-image-default-8b5b6f678277-1494\"\n\t\t\t\n\t\t>\n<div class=\"sow-image-container\">\n\t\t\t<a href=\"https:\/\/znakon.cz\/znakon-as\/referencni-stavby-2023\/\"\n\t\t\t\t\t>\n\t\t\t<img \n\tsrc=\"https:\/\/znakon.cz\/znakon-as\/wp-content\/uploads\/sites\/2\/2024\/02\/2023-3.png\" width=\"400\" height=\"200\" srcset=\"https:\/\/znakon.cz\/znakon-as\/wp-content\/uploads\/sites\/2\/2024\/02\/2023-3.png 400w, https:\/\/znakon.cz\/znakon-as\/wp-content\/uploads\/sites\/2\/2024\/02\/2023-3-300x150.png 300w\" sizes=\"(max-width: 400px) 100vw, 400px\" title=\"Referen\u010dn\u00ed stavby 2023\" alt=\"Referen\u010dn\u00ed stavby\" \t\tclass=\"so-widget-image\"\/>\n\t\t\t<\/a><\/div>\n\n<\/div><\/div><\/div><div id=\"pgc-1494-1-3\"  class=\"panel-grid-cell\" ><div id=\"panel-1494-1-3-0\" class=\"so-panel widget widget_sow-image panel-first-child panel-last-child\" data-index=\"4\" ><div\n\t\t\t\n\t\t\tclass=\"so-widget-sow-image so-widget-sow-image-default-ec555a4be1b6-1494\"\n\t\t\t\n\t\t>\n<div class=\"sow-image-container\">\n\t\t\t<a href=\"https:\/\/znakon.cz\/znakon-as\/referencni-stavby-2022\/\"\n\t\t\t\t\t>\n\t\t\t<img \n\tsrc=\"https:\/\/znakon.cz\/znakon-as\/wp-content\/uploads\/sites\/2\/2024\/02\/2022.png\" width=\"400\" height=\"200\" srcset=\"https:\/\/znakon.cz\/znakon-as\/wp-content\/uploads\/sites\/2\/2024\/02\/2022.png 400w, https:\/\/znakon.cz\/znakon-as\/wp-content\/uploads\/sites\/2\/2024\/02\/2022-300x150.png 300w\" sizes=\"(max-width: 400px) 100vw, 400px\" title=\"Referen\u010dn\u00ed stavby 2022\" alt=\"Referen\u010dn\u00ed stavby 2022\" \t\tclass=\"so-widget-image\"\/>\n\t\t\t<\/a><\/div>\n\n<\/div><\/div><\/div><\/div><\/div>","protected":false},"excerpt":{"rendered":"","protected":false},"author":1,"featured_media":0,"parent":0,"menu_order":0,"comment_status":"closed","ping_status":"closed","template":"page-templates\/pagebuilder.php","meta":{"_monsterinsights_skip_tracking":false,"_monsterinsights_sitenote_active":false,"_monsterinsights_sitenote_note":"","_monsterinsights_sitenote_category":0,"footnotes":""},"_links":{"self":[{"href":"https:\/\/znakon.cz\/znakon-as\/wp-json\/wp\/v2\/pages\/1494"}],"collection":[{"href":"https:\/\/znakon.cz\/znakon-as\/wp-json\/wp\/v2\/pages"}],"about":[{"href":"https:\/\/znakon.cz\/znakon-as\/wp-json\/wp\/v2\/types\/page"}],"author":[{"embeddable":true,"href":"https:\/\/znakon.cz\/znakon-as\/wp-json\/wp\/v2\/users\/1"}],"replies":[{"embeddable":true,"href":"https:\/\/znakon.cz\/znakon-as\/wp-json\/wp\/v2\/comments?post=1494"}],"version-history":[{"count":93,"href":"https:\/\/znakon.cz\/znakon-as\/wp-json\/wp\/v2\/pages\/1494\/revisions"}],"predecessor-version":[{"id":2810,"href":"https:\/\/znakon.cz\/znakon-as\/wp-json\/wp\/v2\/pages\/1494\/revisions\/2810"}],"wp:attachment":[{"href":"https:\/\/znakon.cz\/znakon-as\/wp-json\/wp\/v2\/media?parent=1494"}],"curies":[{"name":"wp","href":"https:\/\/api.w.org\/{rel}","templated":true}]}}