{"id":1847,"date":"2020-01-25T17:59:12","date_gmt":"2020-01-25T16:59:12","guid":{"rendered":"http:\/\/znakon.cz\/znakon-as\/?page_id=1847"},"modified":"2021-01-12T11:20:57","modified_gmt":"2021-01-12T10:20:57","slug":"stredisko-pokladky-zivicnych-smesi","status":"publish","type":"page","link":"https:\/\/znakon.cz\/znakon-as\/stredisko-pokladky-zivicnych-smesi\/","title":{"rendered":"ST\u0158EDISKO POKL\u00c1DKY \u017dIVI\u010cN\u00ddCH SM\u011aS\u00cd"},"content":{"rendered":"<div id=\"pl-1847\"  class=\"panel-layout\" ><div id=\"pg-1847-0\"  class=\"panel-grid panel-no-style\" ><div id=\"pgc-1847-0-0\"  class=\"panel-grid-cell\" ><div id=\"panel-1847-0-0-0\" class=\"so-panel widget widget_sow-editor panel-first-child panel-last-child\" data-index=\"0\" ><div\n\t\t\t\n\t\t\tclass=\"so-widget-sow-editor so-widget-sow-editor-base\"\n\t\t\t\n\t\t>\n<div class=\"siteorigin-widget-tinymce textwidget\">\n\t<p><img loading=\"lazy\" decoding=\"async\" class=\"alignnone wp-image-2036 size-full\" src=\"http:\/\/znakon.cz\/znakon-as\/wp-content\/uploads\/sites\/2\/2021\/01\/PB300281_slide.jpg\" alt=\"\" width=\"1900\" height=\"471\" srcset=\"https:\/\/znakon.cz\/znakon-as\/wp-content\/uploads\/sites\/2\/2021\/01\/PB300281_slide.jpg 1900w, https:\/\/znakon.cz\/znakon-as\/wp-content\/uploads\/sites\/2\/2021\/01\/PB300281_slide-300x74.jpg 300w, https:\/\/znakon.cz\/znakon-as\/wp-content\/uploads\/sites\/2\/2021\/01\/PB300281_slide-1024x254.jpg 1024w, https:\/\/znakon.cz\/znakon-as\/wp-content\/uploads\/sites\/2\/2021\/01\/PB300281_slide-768x190.jpg 768w, https:\/\/znakon.cz\/znakon-as\/wp-content\/uploads\/sites\/2\/2021\/01\/PB300281_slide-1536x381.jpg 1536w\" sizes=\"(max-width: 1900px) 100vw, 1900px\" \/><\/p>\n<p style=\"text-align: left;\">Prov\u00e1d\u00edme strojovou a ru\u010dn\u00ed pokl\u00e1dku asfaltov\u00fdch sm\u011bs\u00ed p\u0159i v\u00fdstavb\u011b a oprav\u00e1ch pozemn\u00edch komunikac\u00ed, parkovi\u0161\u0165, chodn\u00edk\u016f a dal\u0161\u00edch zpevn\u011bn\u00fdch ploch.<br \/>\nDisponujeme rozs\u00e1hl\u00fdm strojov\u00fdm vybaven\u00edm, kter\u00e9 n\u00e1m umo\u017e\u0148uje b\u00fdt sob\u011bsta\u010dn\u00fdm partnerem na\u0161ich z\u00e1kazn\u00edk\u016f.<br \/>\nSpoluvlastn\u00edme dv\u011b modern\u00ed obalovny, kter\u00e9 n\u00e1m zaji\u0161\u0165uj\u00ed\u00a0 spolehliv\u00fd p\u0159\u00edstup k&nbsp;pot\u0159ebn\u00e9mu materi\u00e1lu.<\/p>\n<hr \/>\n<div id='gallery-1' class='gallery galleryid-1847 gallery-columns-4 gallery-size-full'><figure class='gallery-item'>\n\t\t\t<div class='gallery-icon landscape'>\n\t\t\t\t<a href='https:\/\/znakon.cz\/znakon-as\/wp-content\/uploads\/sites\/2\/2018\/02\/pas-008.jpg'><img loading=\"lazy\" decoding=\"async\" width=\"1200\" height=\"780\" src=\"https:\/\/znakon.cz\/znakon-as\/wp-content\/uploads\/sites\/2\/2018\/02\/pas-008.jpg\" class=\"attachment-full size-full\" alt=\"\" srcset=\"https:\/\/znakon.cz\/znakon-as\/wp-content\/uploads\/sites\/2\/2018\/02\/pas-008.jpg 1200w, https:\/\/znakon.cz\/znakon-as\/wp-content\/uploads\/sites\/2\/2018\/02\/pas-008-300x195.jpg 300w, https:\/\/znakon.cz\/znakon-as\/wp-content\/uploads\/sites\/2\/2018\/02\/pas-008-768x499.jpg 768w, https:\/\/znakon.cz\/znakon-as\/wp-content\/uploads\/sites\/2\/2018\/02\/pas-008-1024x666.jpg 1024w\" sizes=\"(max-width: 1200px) 100vw, 1200px\" \/><\/a>\n\t\t\t<\/div><\/figure><figure class='gallery-item'>\n\t\t\t<div class='gallery-icon landscape'>\n\t\t\t\t<a href='https:\/\/znakon.cz\/znakon-as\/wp-content\/uploads\/sites\/2\/2018\/02\/pas-001.jpg'><img loading=\"lazy\" decoding=\"async\" width=\"1200\" height=\"780\" src=\"https:\/\/znakon.cz\/znakon-as\/wp-content\/uploads\/sites\/2\/2018\/02\/pas-001.jpg\" class=\"attachment-full size-full\" alt=\"\" srcset=\"https:\/\/znakon.cz\/znakon-as\/wp-content\/uploads\/sites\/2\/2018\/02\/pas-001.jpg 1200w, https:\/\/znakon.cz\/znakon-as\/wp-content\/uploads\/sites\/2\/2018\/02\/pas-001-300x195.jpg 300w, https:\/\/znakon.cz\/znakon-as\/wp-content\/uploads\/sites\/2\/2018\/02\/pas-001-768x499.jpg 768w, https:\/\/znakon.cz\/znakon-as\/wp-content\/uploads\/sites\/2\/2018\/02\/pas-001-1024x666.jpg 1024w\" sizes=\"(max-width: 1200px) 100vw, 1200px\" \/><\/a>\n\t\t\t<\/div><\/figure><figure class='gallery-item'>\n\t\t\t<div class='gallery-icon landscape'>\n\t\t\t\t<a href='https:\/\/znakon.cz\/znakon-as\/wp-content\/uploads\/sites\/2\/2018\/02\/pas-002.jpg'><img loading=\"lazy\" decoding=\"async\" width=\"1200\" height=\"780\" src=\"https:\/\/znakon.cz\/znakon-as\/wp-content\/uploads\/sites\/2\/2018\/02\/pas-002.jpg\" class=\"attachment-full size-full\" alt=\"\" srcset=\"https:\/\/znakon.cz\/znakon-as\/wp-content\/uploads\/sites\/2\/2018\/02\/pas-002.jpg 1200w, https:\/\/znakon.cz\/znakon-as\/wp-content\/uploads\/sites\/2\/2018\/02\/pas-002-300x195.jpg 300w, https:\/\/znakon.cz\/znakon-as\/wp-content\/uploads\/sites\/2\/2018\/02\/pas-002-768x499.jpg 768w, https:\/\/znakon.cz\/znakon-as\/wp-content\/uploads\/sites\/2\/2018\/02\/pas-002-1024x666.jpg 1024w\" sizes=\"(max-width: 1200px) 100vw, 1200px\" \/><\/a>\n\t\t\t<\/div><\/figure><figure class='gallery-item'>\n\t\t\t<div class='gallery-icon landscape'>\n\t\t\t\t<a href='https:\/\/znakon.cz\/znakon-as\/wp-content\/uploads\/sites\/2\/2018\/02\/pas-003.jpg'><img loading=\"lazy\" decoding=\"async\" width=\"1200\" height=\"780\" src=\"https:\/\/znakon.cz\/znakon-as\/wp-content\/uploads\/sites\/2\/2018\/02\/pas-003.jpg\" class=\"attachment-full size-full\" alt=\"\" srcset=\"https:\/\/znakon.cz\/znakon-as\/wp-content\/uploads\/sites\/2\/2018\/02\/pas-003.jpg 1200w, https:\/\/znakon.cz\/znakon-as\/wp-content\/uploads\/sites\/2\/2018\/02\/pas-003-300x195.jpg 300w, https:\/\/znakon.cz\/znakon-as\/wp-content\/uploads\/sites\/2\/2018\/02\/pas-003-768x499.jpg 768w, https:\/\/znakon.cz\/znakon-as\/wp-content\/uploads\/sites\/2\/2018\/02\/pas-003-1024x666.jpg 1024w\" sizes=\"(max-width: 1200px) 100vw, 1200px\" \/><\/a>\n\t\t\t<\/div><\/figure><figure class='gallery-item'>\n\t\t\t<div class='gallery-icon landscape'>\n\t\t\t\t<a href='https:\/\/znakon.cz\/znakon-as\/wp-content\/uploads\/sites\/2\/2018\/02\/pas-004.jpg'><img loading=\"lazy\" decoding=\"async\" width=\"1200\" height=\"780\" src=\"https:\/\/znakon.cz\/znakon-as\/wp-content\/uploads\/sites\/2\/2018\/02\/pas-004.jpg\" class=\"attachment-full size-full\" alt=\"\" srcset=\"https:\/\/znakon.cz\/znakon-as\/wp-content\/uploads\/sites\/2\/2018\/02\/pas-004.jpg 1200w, https:\/\/znakon.cz\/znakon-as\/wp-content\/uploads\/sites\/2\/2018\/02\/pas-004-300x195.jpg 300w, https:\/\/znakon.cz\/znakon-as\/wp-content\/uploads\/sites\/2\/2018\/02\/pas-004-768x499.jpg 768w, https:\/\/znakon.cz\/znakon-as\/wp-content\/uploads\/sites\/2\/2018\/02\/pas-004-1024x666.jpg 1024w\" sizes=\"(max-width: 1200px) 100vw, 1200px\" \/><\/a>\n\t\t\t<\/div><\/figure><figure class='gallery-item'>\n\t\t\t<div class='gallery-icon landscape'>\n\t\t\t\t<a href='https:\/\/znakon.cz\/znakon-as\/wp-content\/uploads\/sites\/2\/2018\/02\/pas-005.jpg'><img loading=\"lazy\" decoding=\"async\" width=\"1200\" height=\"780\" src=\"https:\/\/znakon.cz\/znakon-as\/wp-content\/uploads\/sites\/2\/2018\/02\/pas-005.jpg\" class=\"attachment-full size-full\" alt=\"\" srcset=\"https:\/\/znakon.cz\/znakon-as\/wp-content\/uploads\/sites\/2\/2018\/02\/pas-005.jpg 1200w, https:\/\/znakon.cz\/znakon-as\/wp-content\/uploads\/sites\/2\/2018\/02\/pas-005-300x195.jpg 300w, https:\/\/znakon.cz\/znakon-as\/wp-content\/uploads\/sites\/2\/2018\/02\/pas-005-768x499.jpg 768w, https:\/\/znakon.cz\/znakon-as\/wp-content\/uploads\/sites\/2\/2018\/02\/pas-005-1024x666.jpg 1024w\" sizes=\"(max-width: 1200px) 100vw, 1200px\" \/><\/a>\n\t\t\t<\/div><\/figure><figure class='gallery-item'>\n\t\t\t<div class='gallery-icon landscape'>\n\t\t\t\t<a href='https:\/\/znakon.cz\/znakon-as\/wp-content\/uploads\/sites\/2\/2018\/02\/pas-006.jpg'><img loading=\"lazy\" decoding=\"async\" width=\"1200\" height=\"780\" src=\"https:\/\/znakon.cz\/znakon-as\/wp-content\/uploads\/sites\/2\/2018\/02\/pas-006.jpg\" class=\"attachment-full size-full\" alt=\"\" srcset=\"https:\/\/znakon.cz\/znakon-as\/wp-content\/uploads\/sites\/2\/2018\/02\/pas-006.jpg 1200w, https:\/\/znakon.cz\/znakon-as\/wp-content\/uploads\/sites\/2\/2018\/02\/pas-006-300x195.jpg 300w, https:\/\/znakon.cz\/znakon-as\/wp-content\/uploads\/sites\/2\/2018\/02\/pas-006-768x499.jpg 768w, https:\/\/znakon.cz\/znakon-as\/wp-content\/uploads\/sites\/2\/2018\/02\/pas-006-1024x666.jpg 1024w\" sizes=\"(max-width: 1200px) 100vw, 1200px\" \/><\/a>\n\t\t\t<\/div><\/figure><figure class='gallery-item'>\n\t\t\t<div class='gallery-icon landscape'>\n\t\t\t\t<a href='https:\/\/znakon.cz\/znakon-as\/wp-content\/uploads\/sites\/2\/2018\/02\/pas-007.jpg'><img loading=\"lazy\" decoding=\"async\" width=\"1200\" height=\"780\" src=\"https:\/\/znakon.cz\/znakon-as\/wp-content\/uploads\/sites\/2\/2018\/02\/pas-007.jpg\" class=\"attachment-full size-full\" alt=\"\" srcset=\"https:\/\/znakon.cz\/znakon-as\/wp-content\/uploads\/sites\/2\/2018\/02\/pas-007.jpg 1200w, https:\/\/znakon.cz\/znakon-as\/wp-content\/uploads\/sites\/2\/2018\/02\/pas-007-300x195.jpg 300w, https:\/\/znakon.cz\/znakon-as\/wp-content\/uploads\/sites\/2\/2018\/02\/pas-007-768x499.jpg 768w, https:\/\/znakon.cz\/znakon-as\/wp-content\/uploads\/sites\/2\/2018\/02\/pas-007-1024x666.jpg 1024w\" sizes=\"(max-width: 1200px) 100vw, 1200px\" \/><\/a>\n\t\t\t<\/div><\/figure><figure class='gallery-item'>\n\t\t\t<div class='gallery-icon landscape'>\n\t\t\t\t<a href='https:\/\/znakon.cz\/znakon-as\/wp-content\/uploads\/sites\/2\/2018\/01\/frez-07.jpg'><img loading=\"lazy\" decoding=\"async\" width=\"1200\" height=\"800\" src=\"https:\/\/znakon.cz\/znakon-as\/wp-content\/uploads\/sites\/2\/2018\/01\/frez-07.jpg\" class=\"attachment-full size-full\" alt=\"\" srcset=\"https:\/\/znakon.cz\/znakon-as\/wp-content\/uploads\/sites\/2\/2018\/01\/frez-07.jpg 1200w, https:\/\/znakon.cz\/znakon-as\/wp-content\/uploads\/sites\/2\/2018\/01\/frez-07-300x200.jpg 300w, https:\/\/znakon.cz\/znakon-as\/wp-content\/uploads\/sites\/2\/2018\/01\/frez-07-768x512.jpg 768w, https:\/\/znakon.cz\/znakon-as\/wp-content\/uploads\/sites\/2\/2018\/01\/frez-07-1024x683.jpg 1024w, https:\/\/znakon.cz\/znakon-as\/wp-content\/uploads\/sites\/2\/2018\/01\/frez-07-272x182.jpg 272w\" sizes=\"(max-width: 1200px) 100vw, 1200px\" \/><\/a>\n\t\t\t<\/div><\/figure><figure class='gallery-item'>\n\t\t\t<div class='gallery-icon landscape'>\n\t\t\t\t<a href='https:\/\/znakon.cz\/znakon-as\/wp-content\/uploads\/sites\/2\/2018\/01\/frez-06.jpg'><img loading=\"lazy\" decoding=\"async\" width=\"1200\" height=\"800\" src=\"https:\/\/znakon.cz\/znakon-as\/wp-content\/uploads\/sites\/2\/2018\/01\/frez-06.jpg\" class=\"attachment-full size-full\" alt=\"\" srcset=\"https:\/\/znakon.cz\/znakon-as\/wp-content\/uploads\/sites\/2\/2018\/01\/frez-06.jpg 1200w, https:\/\/znakon.cz\/znakon-as\/wp-content\/uploads\/sites\/2\/2018\/01\/frez-06-300x200.jpg 300w, https:\/\/znakon.cz\/znakon-as\/wp-content\/uploads\/sites\/2\/2018\/01\/frez-06-768x512.jpg 768w, https:\/\/znakon.cz\/znakon-as\/wp-content\/uploads\/sites\/2\/2018\/01\/frez-06-1024x683.jpg 1024w, https:\/\/znakon.cz\/znakon-as\/wp-content\/uploads\/sites\/2\/2018\/01\/frez-06-272x182.jpg 272w\" sizes=\"(max-width: 1200px) 100vw, 1200px\" \/><\/a>\n\t\t\t<\/div><\/figure><figure class='gallery-item'>\n\t\t\t<div class='gallery-icon landscape'>\n\t\t\t\t<a href='https:\/\/znakon.cz\/znakon-as\/wp-content\/uploads\/sites\/2\/2018\/02\/pas-010.jpg'><img loading=\"lazy\" decoding=\"async\" width=\"1200\" height=\"780\" src=\"https:\/\/znakon.cz\/znakon-as\/wp-content\/uploads\/sites\/2\/2018\/02\/pas-010.jpg\" class=\"attachment-full size-full\" alt=\"\" srcset=\"https:\/\/znakon.cz\/znakon-as\/wp-content\/uploads\/sites\/2\/2018\/02\/pas-010.jpg 1200w, https:\/\/znakon.cz\/znakon-as\/wp-content\/uploads\/sites\/2\/2018\/02\/pas-010-300x195.jpg 300w, https:\/\/znakon.cz\/znakon-as\/wp-content\/uploads\/sites\/2\/2018\/02\/pas-010-768x499.jpg 768w, https:\/\/znakon.cz\/znakon-as\/wp-content\/uploads\/sites\/2\/2018\/02\/pas-010-1024x666.jpg 1024w\" sizes=\"(max-width: 1200px) 100vw, 1200px\" \/><\/a>\n\t\t\t<\/div><\/figure><figure class='gallery-item'>\n\t\t\t<div class='gallery-icon landscape'>\n\t\t\t\t<a href='https:\/\/znakon.cz\/znakon-as\/wp-content\/uploads\/sites\/2\/2018\/02\/pas-009.jpg'><img loading=\"lazy\" decoding=\"async\" width=\"1200\" height=\"780\" src=\"https:\/\/znakon.cz\/znakon-as\/wp-content\/uploads\/sites\/2\/2018\/02\/pas-009.jpg\" class=\"attachment-full size-full\" alt=\"\" srcset=\"https:\/\/znakon.cz\/znakon-as\/wp-content\/uploads\/sites\/2\/2018\/02\/pas-009.jpg 1200w, https:\/\/znakon.cz\/znakon-as\/wp-content\/uploads\/sites\/2\/2018\/02\/pas-009-300x195.jpg 300w, https:\/\/znakon.cz\/znakon-as\/wp-content\/uploads\/sites\/2\/2018\/02\/pas-009-768x499.jpg 768w, https:\/\/znakon.cz\/znakon-as\/wp-content\/uploads\/sites\/2\/2018\/02\/pas-009-1024x666.jpg 1024w\" sizes=\"(max-width: 1200px) 100vw, 1200px\" \/><\/a>\n\t\t\t<\/div><\/figure>\n\t\t<\/div>\n\n<hr \/>\n<p><span style=\"color: #ff9900;\"><a style=\"color: #ff9900;\" href=\"http:\/\/znakon.cz\/znakon-as\/kontakt-znakon-as\/\"><strong>Bli\u017e\u0161\u00ed informace<\/strong><\/a><\/span><\/p>\n<\/div>\n<\/div><\/div><\/div><\/div><\/div>","protected":false},"excerpt":{"rendered":"<p>Prov\u00e1d\u00edme strojovou a ru\u010dn\u00ed pokl\u00e1dku asfaltov\u00fdch sm\u011bs\u00ed p\u0159i v\u00fdstavb\u011b a oprav\u00e1ch pozemn\u00edch komunikac\u00ed, parkovi\u0161\u0165, chodn\u00edk\u016f a dal\u0161\u00edch zpevn\u011bn\u00fdch ploch. Disponujeme [&hellip;]<\/p>\n","protected":false},"author":1,"featured_media":0,"parent":0,"menu_order":0,"comment_status":"closed","ping_status":"closed","template":"page-templates\/pagebuilder.php","meta":{"_monsterinsights_skip_tracking":false,"_monsterinsights_sitenote_active":false,"_monsterinsights_sitenote_note":"","_monsterinsights_sitenote_category":0,"footnotes":""},"_links":{"self":[{"href":"https:\/\/znakon.cz\/znakon-as\/wp-json\/wp\/v2\/pages\/1847"}],"collection":[{"href":"https:\/\/znakon.cz\/znakon-as\/wp-json\/wp\/v2\/pages"}],"about":[{"href":"https:\/\/znakon.cz\/znakon-as\/wp-json\/wp\/v2\/types\/page"}],"author":[{"embeddable":true,"href":"https:\/\/znakon.cz\/znakon-as\/wp-json\/wp\/v2\/users\/1"}],"replies":[{"embeddable":true,"href":"https:\/\/znakon.cz\/znakon-as\/wp-json\/wp\/v2\/comments?post=1847"}],"version-history":[{"count":4,"href":"https:\/\/znakon.cz\/znakon-as\/wp-json\/wp\/v2\/pages\/1847\/revisions"}],"predecessor-version":[{"id":2037,"href":"https:\/\/znakon.cz\/znakon-as\/wp-json\/wp\/v2\/pages\/1847\/revisions\/2037"}],"wp:attachment":[{"href":"https:\/\/znakon.cz\/znakon-as\/wp-json\/wp\/v2\/media?parent=1847"}],"curies":[{"name":"wp","href":"https:\/\/api.w.org\/{rel}","templated":true}]}}